{"id":33,"date":"2017-04-06T12:56:38","date_gmt":"2017-04-06T12:56:38","guid":{"rendered":"http:\/\/loge-minerva-mainz.de\/?page_id=33"},"modified":"2026-02-14T17:51:00","modified_gmt":"2026-02-14T17:51:00","slug":"arbeitskalender","status":"publish","type":"page","link":"https:\/\/loge-minerva-mainz.de\/?page_id=33","title":{"rendered":"Arbeitskalender"},"content":{"rendered":"\n<p><\/p>\n\n\n\n<h2 class=\"wp-block-heading\"><strong>K\u00fcnftige Veranstaltungen<\/strong><\/h2>\n\n\n\n<ul class=\"wp-block-list\">\n<li>Juni 2026   > 20.06. 2026 oder 27.06.2026 <strong>Sommerjohanni SJF<\/strong> <\/li>\n\n\n\n<li>Mai 2026   > 30.05.2026 TA <\/li>\n\n\n\n<li>April 2026 > 25.04.2026 TA <\/li>\n<\/ul>\n\n\n\n<figure class=\"wp-block-image size-full\"><img loading=\"lazy\" decoding=\"async\" width=\"300\" height=\"403\" src=\"https:\/\/loge-minerva-mainz.de\/wp-content\/uploads\/2018\/02\/WerkzeugHandschuhe.jpg\" alt=\"\" class=\"wp-image-153\" srcset=\"https:\/\/loge-minerva-mainz.de\/wp-content\/uploads\/2018\/02\/WerkzeugHandschuhe.jpg 300w, https:\/\/loge-minerva-mainz.de\/wp-content\/uploads\/2018\/02\/WerkzeugHandschuhe-223x300.jpg 223w\" sizes=\"auto, (max-width: 300px) 100vw, 300px\" \/><figcaption class=\"wp-element-caption\">-Werkzeuge der Freimaurer-<\/figcaption><\/figure>\n\n\n\n<h2 class=\"wp-block-heading\"><strong>N\u00e4chste Veranstaltungen<\/strong><\/h2>\n\n\n\n<p><strong>Termin M\u00e4rz 2026<\/strong> <\/p>\n\n\n\n<p><span style=\"color: rgb(5, 5, 5); font-family: &quot;Segoe UI Historic&quot;, &quot;Segoe UI&quot;, Helvetica, Arial, sans-serif; font-size: 15px; font-style: normal; font-variant-ligatures: normal; font-variant-caps: normal; font-weight: 400; letter-spacing: normal; orphans: 2; text-align: start; text-indent: 0px; text-transform: none; widows: 2; word-spacing: 0px; -webkit-text-stroke-width: 0px; white-space: normal; background-color: rgb(255, 255, 255); text-decoration-thickness: initial; text-decoration-style: initial; text-decoration-color: initial; display: inline !important; float: none;\">Am Samstag den 28.03.2026 werden wir eine TA I (Lehrlingsgrad)\u00a0 durchf\u00fchren. <\/span><\/p>\n\n\n\n<p>Thema: Erstellung der Arbeitstafel <\/p>\n\n\n\n<p>Beginn Vorhof 14:00 Uhr Beginn der TA 15:00 Uhr<\/p>\n\n\n\n<p><span style=\"color: rgb(5, 5, 5); font-family: &quot;Segoe UI Historic&quot;, &quot;Segoe UI&quot;, Helvetica, Arial, sans-serif; font-size: 15px; font-style: normal; font-variant-ligatures: normal; font-variant-caps: normal; font-weight: 400; letter-spacing: normal; orphans: 2; text-align: start; text-indent: 0px; text-transform: none; widows: 2; word-spacing: 0px; -webkit-text-stroke-width: 0px; white-space: normal; background-color: rgb(255, 255, 255); text-decoration-thickness: initial; text-decoration-style: initial; text-decoration-color: initial; display: inline !important; float: none;\">Anmeldungen bitte unter Info@loge-minerva-Mainz.de. Es k\u00f6nnen alle initiierte Freimaurer und Freimaurerinnen teilnehmen. Um Anmeldung wird gebete<\/span>n<\/p>\n\n\n\n<p><\/p>\n\n\n\n<p>Termin Februar 2026 f\u00e4llt aus, wegen Fasnacht und Buchungsfehler<\/p>\n\n\n\n<p><span style=\"color: rgb(5, 5, 5); font-family: &quot;Segoe UI Historic&quot;, &quot;Segoe UI&quot;, Helvetica, Arial, sans-serif; font-size: 15px; font-style: normal; font-variant-ligatures: normal; font-variant-caps: normal; font-weight: 400; letter-spacing: normal; orphans: 2; text-align: start; text-indent: 0px; text-transform: none; widows: 2; word-spacing: 0px; -webkit-text-stroke-width: 0px; white-space: normal; background-color: rgb(255, 255, 255); text-decoration-thickness: initial; text-decoration-style: initial; text-decoration-color: initial; display: inline !important; float: none;\">Am Samstag den 28.02.2026 werden wir eine TA I (Lehrlingsgrad) nicht&nbsp; durchf\u00fchren. <\/span><\/p>\n\n\n\n<p>Thema: Erstellung der Arbeitstafel <\/p>\n\n\n\n<p>Beginn Vorhof 14:00 Uhr Beginn der TA 14:45 Uhr <\/p>\n\n\n\n<p><span style=\"color: rgb(5, 5, 5); font-family: &quot;Segoe UI Historic&quot;, &quot;Segoe UI&quot;, Helvetica, Arial, sans-serif; font-size: 15px; font-style: normal; font-variant-ligatures: normal; font-variant-caps: normal; font-weight: 400; letter-spacing: normal; orphans: 2; text-align: start; text-indent: 0px; text-transform: none; widows: 2; word-spacing: 0px; -webkit-text-stroke-width: 0px; white-space: normal; background-color: rgb(255, 255, 255); text-decoration-thickness: initial; text-decoration-style: initial; text-decoration-color: initial; display: inline !important; float: none;\">Anmeldungen bitte unter Info@loge-minerva-Mainz.de. Es k\u00f6nnen alle initiierte Freimaurer und Freimaurerinnen teilnehmen.Um Anmeldung wird gebeten.<\/span><\/p>\n\n\n\n<p>Termin Januar 20<span style=\"color: rgb(5, 5, 5); font-family: &quot;Segoe UI Historic&quot;, &quot;Segoe UI&quot;, Helvetica, Arial, sans-serif; font-size: 15px; font-style: normal; font-variant-ligatures: normal; font-variant-caps: normal; font-weight: 400; letter-spacing: normal; orphans: 2; text-align: start; text-indent: 0px; text-transform: none; widows: 2; word-spacing: 0px; -webkit-text-stroke-width: 0px; white-space: normal; background-color: rgb(255, 255, 255); text-decoration-thickness: initial; text-decoration-style: initial; text-decoration-color: initial; display: inline !important; float: none;\">Am Samstag den 31.01.2026 werden wir eine TA I Tafelloge&nbsp; (Lehrlingsgrad)&nbsp; durchf\u00fchren.<\/span><\/p>\n\n\n\n<figure class=\"wp-block-image size-large\"><img loading=\"lazy\" decoding=\"async\" width=\"1024\" height=\"576\" src=\"https:\/\/loge-minerva-mainz.de\/wp-content\/uploads\/2026\/02\/image-1024x576.png\" alt=\"\" class=\"wp-image-274\" srcset=\"https:\/\/loge-minerva-mainz.de\/wp-content\/uploads\/2026\/02\/image-1024x576.png 1024w, https:\/\/loge-minerva-mainz.de\/wp-content\/uploads\/2026\/02\/image-300x169.png 300w, https:\/\/loge-minerva-mainz.de\/wp-content\/uploads\/2026\/02\/image-768x432.png 768w, https:\/\/loge-minerva-mainz.de\/wp-content\/uploads\/2026\/02\/image-1536x864.png 1536w, https:\/\/loge-minerva-mainz.de\/wp-content\/uploads\/2026\/02\/image.png 1560w\" sizes=\"auto, (max-width: 706px) 89vw, (max-width: 767px) 82vw, 740px\" \/><\/figure>\n\n\n\n<figure class=\"wp-block-image size-large\"><img loading=\"lazy\" decoding=\"async\" width=\"1024\" height=\"576\" src=\"https:\/\/loge-minerva-mainz.de\/wp-content\/uploads\/2026\/02\/image-1-1024x576.png\" alt=\"\" class=\"wp-image-275\" srcset=\"https:\/\/loge-minerva-mainz.de\/wp-content\/uploads\/2026\/02\/image-1-1024x576.png 1024w, https:\/\/loge-minerva-mainz.de\/wp-content\/uploads\/2026\/02\/image-1-300x169.png 300w, https:\/\/loge-minerva-mainz.de\/wp-content\/uploads\/2026\/02\/image-1-768x432.png 768w, https:\/\/loge-minerva-mainz.de\/wp-content\/uploads\/2026\/02\/image-1-1536x864.png 1536w, https:\/\/loge-minerva-mainz.de\/wp-content\/uploads\/2026\/02\/image-1.png 1560w\" sizes=\"auto, (max-width: 706px) 89vw, (max-width: 767px) 82vw, 740px\" \/><\/figure>\n\n\n\n<figure class=\"wp-block-image size-full is-resized\"><img loading=\"lazy\" decoding=\"async\" width=\"583\" height=\"565\" src=\"https:\/\/loge-minerva-mainz.de\/wp-content\/uploads\/2026\/02\/image-3.png\" alt=\"\" class=\"wp-image-282\" style=\"width:655px;height:auto\" srcset=\"https:\/\/loge-minerva-mainz.de\/wp-content\/uploads\/2026\/02\/image-3.png 583w, https:\/\/loge-minerva-mainz.de\/wp-content\/uploads\/2026\/02\/image-3-300x291.png 300w\" sizes=\"auto, (max-width: 583px) 100vw, 583px\" \/><\/figure>\n\n\n\n<p><\/p>\n\n\n\n<p>Vorher steht die Wahl des Meister vom Stuhl ( Vorsitzender Meister der Loge)an.<span style=\"color: rgb(5, 5, 5); font-family: &quot;Segoe UI Historic&quot;, &quot;Segoe UI&quot;, Helvetica, Arial, sans-serif; font-size: 15px; font-style: normal; font-variant-ligatures: normal; font-variant-caps: normal; font-weight: 400; letter-spacing: normal; orphans: 2; text-align: start; text-indent: 0px; text-transform: none; widows: 2; word-spacing: 0px; -webkit-text-stroke-width: 0px; white-space: normal; background-color: rgb(255, 255, 255); text-decoration-thickness: initial; text-decoration-style: initial; text-decoration-color: initial; display: inline !important; float: none;\"><\/span><\/p>\n\n\n\n<p>Beginn Vorhof 14:00 Uhr Beginn der TA Tafelloge 18:00 Uhr<\/p>\n\n\n\n<p><span style=\"color: rgb(5, 5, 5); font-family: &quot;Segoe UI Historic&quot;, &quot;Segoe UI&quot;, Helvetica, Arial, sans-serif; font-size: 15px; font-style: normal; font-variant-ligatures: normal; font-variant-caps: normal; font-weight: 400; letter-spacing: normal; orphans: 2; text-align: start; text-indent: 0px; text-transform: none; widows: 2; word-spacing: 0px; -webkit-text-stroke-width: 0px; white-space: normal; background-color: rgb(255, 255, 255); text-decoration-thickness: initial; text-decoration-style: initial; text-decoration-color: initial; display: inline !important; float: none;\">Anmeldungen bitte unter Info@loge-minerva-Mainz.de. Es k\u00f6nnen alle initiierte Freimaurer und Freimaurerinnen teilnehmen.Um Anmeldung wird gebeten.<\/span><\/p>\n\n\n\n<p><\/p>\n\n\n\n<p><strong>Einladung zur Tafelloge im Januar 2026<\/strong><\/p>\n\n\n\n<p>zu Beginn des **neuen Kalenderjahres** m\u00f6chten wir gemeinsam ein feierliches, rituelles **mehrg\u00e4ngiges Festmahl** begehen, um in w\u00fcrdiger Atmosph\u00e4re auf das kommende Jahr anzusto\u00dfen und unsere br\u00fcderliche Gemeinschaft zu st\u00e4rken.<\/p>\n\n\n\n<p>Neben den traditionellen und regionalen Speisen wird es auch eine Auswahl an veganen Gerichten geben, sodass jeder das Mahl nach seinen pers\u00f6nlichen Vorlieben genie\u00dfen kann. Bei der Anmeldung bitte angeben.<\/p>\n\n\n\n<p>Teilnehmen kann jeder initiierte Freimaurer, jede initiierte Freimaurerin.<\/p>\n\n\n\n<p>F\u00fcr die Teilnahme wird ein Beitrag erhoben.<\/p>\n\n\n\n<p>Anmeldungen an: info@loge-minerva-Mainz.de<\/p>\n\n\n\n<figure class=\"wp-block-image size-large\"><img loading=\"lazy\" decoding=\"async\" width=\"1024\" height=\"768\" src=\"https:\/\/loge-minerva-mainz.de\/wp-content\/uploads\/2026\/02\/image-2-1024x768.png\" alt=\"\" class=\"wp-image-281\" srcset=\"https:\/\/loge-minerva-mainz.de\/wp-content\/uploads\/2026\/02\/image-2-1024x768.png 1024w, https:\/\/loge-minerva-mainz.de\/wp-content\/uploads\/2026\/02\/image-2-300x225.png 300w, https:\/\/loge-minerva-mainz.de\/wp-content\/uploads\/2026\/02\/image-2-768x576.png 768w, https:\/\/loge-minerva-mainz.de\/wp-content\/uploads\/2026\/02\/image-2.png 1440w\" sizes=\"auto, (max-width: 706px) 89vw, (max-width: 767px) 82vw, 740px\" \/><\/figure>\n\n\n\n<p>Termin M\u00e4rz 2025<\/p>\n\n\n\n<p><span style=\"color: rgb(5, 5, 5); font-family: &quot;Segoe UI Historic&quot;, &quot;Segoe UI&quot;, Helvetica, Arial, sans-serif; font-size: 15px; font-style: normal; font-variant-ligatures: normal; font-variant-caps: normal; font-weight: 400; letter-spacing: normal; orphans: 2; text-align: start; text-indent: 0px; text-transform: none; widows: 2; word-spacing: 0px; -webkit-text-stroke-width: 0px; white-space: normal; background-color: rgb(255, 255, 255); text-decoration-thickness: initial; text-decoration-style: initial; text-decoration-color: initial; display: inline !important; float: none;\">Am Samstag den 29.03.2025 werden wir eine TA I (Lehrlingsgrad)&nbsp; durchf\u00fchren. <\/span><\/p>\n\n\n\n<p>Thema: Erstellung der Arbeitstafel <\/p>\n\n\n\n<p>Beginn Vorhof 14:00 Uhr Beginn der TA 14:45 Uhr <\/p>\n\n\n\n<p><span style=\"color: rgb(5, 5, 5); font-family: &quot;Segoe UI Historic&quot;, &quot;Segoe UI&quot;, Helvetica, Arial, sans-serif; font-size: 15px; font-style: normal; font-variant-ligatures: normal; font-variant-caps: normal; font-weight: 400; letter-spacing: normal; orphans: 2; text-align: start; text-indent: 0px; text-transform: none; widows: 2; word-spacing: 0px; -webkit-text-stroke-width: 0px; white-space: normal; background-color: rgb(255, 255, 255); text-decoration-thickness: initial; text-decoration-style: initial; text-decoration-color: initial; display: inline !important; float: none;\">Anmeldungen bitte unter Info@loge-minerva-Mainz.de. Es k\u00f6nnen alle initiierte Freimaurer und Freimaurerinnen teilnehmen.Um Anmeldung wird gebeten.<\/span><\/p>\n\n\n\n<figure class=\"wp-block-image size-full\"><img loading=\"lazy\" decoding=\"async\" width=\"523\" height=\"540\" src=\"https:\/\/loge-minerva-mainz.de\/wp-content\/uploads\/2025\/02\/480455641_1049162290583517_3520643591937064256_n.jpg\" alt=\"\" class=\"wp-image-267\" srcset=\"https:\/\/loge-minerva-mainz.de\/wp-content\/uploads\/2025\/02\/480455641_1049162290583517_3520643591937064256_n.jpg 523w, https:\/\/loge-minerva-mainz.de\/wp-content\/uploads\/2025\/02\/480455641_1049162290583517_3520643591937064256_n-291x300.jpg 291w\" sizes=\"auto, (max-width: 523px) 100vw, 523px\" \/><\/figure>\n\n\n\n<p><\/p>\n\n\n\n<p>Einladung zum G\u00e4steabend.<\/p>\n\n\n\n<p>Sie interessieren sich f\u00fcr die Freimaurerei? Sie wollen mehr \u00fcber die Freimaurer und ihre Arbeit kennen lernen? Der G\u00e4steabend ist die perfekte Gelegenheit. In gem\u00fctlicher Atmosph\u00e4re laden wir sie gerne zu einem ersten Kennenlernen ein. Senden Sie uns eine Mail. Der G\u00e4steabend findet diesmal in Mainz statt.<\/p>\n\n\n\n<figure class=\"wp-block-image size-full\"><img loading=\"lazy\" decoding=\"async\" width=\"640\" height=\"324\" src=\"https:\/\/loge-minerva-mainz.de\/wp-content\/uploads\/2025\/02\/Einladung_Gaesteabend_Mainz.png\" alt=\"\" class=\"wp-image-269\" srcset=\"https:\/\/loge-minerva-mainz.de\/wp-content\/uploads\/2025\/02\/Einladung_Gaesteabend_Mainz.png 640w, https:\/\/loge-minerva-mainz.de\/wp-content\/uploads\/2025\/02\/Einladung_Gaesteabend_Mainz-300x152.png 300w\" sizes=\"auto, (max-width: 640px) 100vw, 640px\" \/><\/figure>\n\n\n\n<p>In unserer Freimaurerloge arbeiten M\u00e4nner und Frauen gleichwertig zusammen.<\/p>\n\n\n\n<p><\/p>\n\n\n\n<p><\/p>\n\n\n\n<p>Termin Februar 2025<\/p>\n\n\n\n<p><span style=\"color: rgb(5, 5, 5); font-family: &quot;Segoe UI Historic&quot;, &quot;Segoe UI&quot;, Helvetica, Arial, sans-serif; font-size: 15px; font-style: normal; font-variant-ligatures: normal; font-variant-caps: normal; font-weight: 400; letter-spacing: normal; orphans: 2; text-align: start; text-indent: 0px; text-transform: none; widows: 2; word-spacing: 0px; -webkit-text-stroke-width: 0px; white-space: normal; background-color: rgb(255, 255, 255); text-decoration-thickness: initial; text-decoration-style: initial; text-decoration-color: initial; display: inline !important; float: none;\">Am Samstag den 15.02.2025 werden wir eine TA II (Gesellengrad)&nbsp; durchf\u00fchren. <\/span><span style=\"color: rgb(5, 5, 5); font-family: &quot;Segoe UI Historic&quot;, &quot;Segoe UI&quot;, Helvetica, Arial, sans-serif; font-size: 15px; font-style: normal; font-variant-ligatures: normal; font-variant-caps: normal; font-weight: 400; letter-spacing: normal; orphans: 2; text-align: start; text-indent: 0px; text-transform: none; widows: 2; word-spacing: 0px; -webkit-text-stroke-width: 0px; white-space: normal; background-color: rgb(255, 255, 255); text-decoration-thickness: initial; text-decoration-style: initial; text-decoration-color: initial; display: inline !important; float: none;\">Beginn der TA wird 15:30 Uhr sein. Anmeldungen bitte unter Info@loge-minerva-Mainz.de. Es k\u00f6nnen alle initiierte Freimaurer und Freimaurerinnen teilnehmen.Um Anmeldung wird gebeten.<\/span><\/p>\n\n\n\n<figure class=\"wp-block-image size-large\"><img loading=\"lazy\" decoding=\"async\" width=\"1024\" height=\"768\" src=\"https:\/\/loge-minerva-mainz.de\/wp-content\/uploads\/2025\/02\/IMG_20241211_112656_resized_20241211_115758593-1024x768.jpg\" alt=\"\" class=\"wp-image-268\" srcset=\"https:\/\/loge-minerva-mainz.de\/wp-content\/uploads\/2025\/02\/IMG_20241211_112656_resized_20241211_115758593-1024x768.jpg 1024w, https:\/\/loge-minerva-mainz.de\/wp-content\/uploads\/2025\/02\/IMG_20241211_112656_resized_20241211_115758593-300x225.jpg 300w, https:\/\/loge-minerva-mainz.de\/wp-content\/uploads\/2025\/02\/IMG_20241211_112656_resized_20241211_115758593-768x576.jpg 768w, https:\/\/loge-minerva-mainz.de\/wp-content\/uploads\/2025\/02\/IMG_20241211_112656_resized_20241211_115758593-1536x1152.jpg 1536w, https:\/\/loge-minerva-mainz.de\/wp-content\/uploads\/2025\/02\/IMG_20241211_112656_resized_20241211_115758593.jpg 2000w\" sizes=\"auto, (max-width: 706px) 89vw, (max-width: 767px) 82vw, 740px\" \/><\/figure>\n\n\n\n<p><strong>Safe the Date im Januar 2025<\/strong><\/p>\n\n\n\n<p><span style=\"color: rgb(5, 5, 5); font-family: &quot;Segoe UI Historic&quot;, &quot;Segoe UI&quot;, Helvetica, Arial, sans-serif; font-size: 15px; font-style: normal; font-variant-ligatures: normal; font-variant-caps: normal; font-weight: 400; letter-spacing: normal; orphans: 2; text-align: start; text-indent: 0px; text-transform: none; widows: 2; word-spacing: 0px; -webkit-text-stroke-width: 0px; white-space: normal; background-color: rgb(255, 255, 255); text-decoration-thickness: initial; text-decoration-style: initial; text-decoration-color: initial; display: inline !important; float: none;\">Am Samstag den 25.01.2025 werden wir eine TA 3 durchf\u00fchren. <\/span> Zwei unserer Gesellen haben sich im II. Grad bew\u00e4hrt und sollen in den Meistergrad erhoben werden. <span style=\"color: rgb(5, 5, 5); font-family: &quot;Segoe UI Historic&quot;, &quot;Segoe UI&quot;, Helvetica, Arial, sans-serif; font-size: 15px; font-style: normal; font-variant-ligatures: normal; font-variant-caps: normal; font-weight: 400; letter-spacing: normal; orphans: 2; text-align: start; text-indent: 0px; text-transform: none; widows: 2; word-spacing: 0px; -webkit-text-stroke-width: 0px; white-space: normal; background-color: rgb(255, 255, 255); text-decoration-thickness: initial; text-decoration-style: initial; text-decoration-color: initial; display: inline !important; float: none;\">Beginn der TA wird 15:00 Uhr sein. Anmeldungen bitte unter Info@loge-minerva-Mainz.de. Es k\u00f6nnen alle initiierte Freimaurer und Freimaurerinnen die den Meistergrad erreicht haben teilnehmen. Um Anmeldung wird gebeten.<\/span><\/p>\n\n\n\n<p>Termin Dezember 2024<\/p>\n\n\n\n<p>Noch keine TA oder Zusammenkunft geplant. Zu gegebenem Anlass werden wir Einladen.<\/p>\n\n\n\n<p>Termin November 2024<\/p>\n\n\n\n<p><span style=\"color: rgb(5, 5, 5); font-family: &quot;Segoe UI Historic&quot;, &quot;Segoe UI&quot;, Helvetica, Arial, sans-serif; font-size: 15px; font-style: normal; font-variant-ligatures: normal; font-variant-caps: normal; font-weight: 400; letter-spacing: normal; orphans: 2; text-align: start; text-indent: 0px; text-transform: none; widows: 2; word-spacing: 0px; -webkit-text-stroke-width: 0px; white-space: normal; background-color: rgb(255, 255, 255); text-decoration-thickness: initial; text-decoration-style: initial; text-decoration-color: initial; display: inline !important; float: none;\">Am Samstag den 30.11.2024 werden wir eine Trauerloge durchf\u00fchren. <\/span>Geplant ist auch eine Aufnahme einer Suchenden. Dies wird noch abgestimmt.<span style=\"color: rgb(5, 5, 5); font-family: &quot;Segoe UI Historic&quot;, &quot;Segoe UI&quot;, Helvetica, Arial, sans-serif; font-size: 15px; font-style: normal; font-variant-ligatures: normal; font-variant-caps: normal; font-weight: 400; letter-spacing: normal; orphans: 2; text-align: start; text-indent: 0px; text-transform: none; widows: 2; word-spacing: 0px; -webkit-text-stroke-width: 0px; white-space: normal; background-color: rgb(255, 255, 255); text-decoration-thickness: initial; text-decoration-style: initial; text-decoration-color: initial; display: inline !important; float: none;\">Beginn der TA wird 15:30 Uhr sein. Anmeldungen bitte unter Info@loge-minerva-Mainz.de. Es k\u00f6nnen alle initiierte Freimaurer und Freimaurerinnen teilnehmen.Um Anmeldung wird gebeten.<\/span><\/p>\n\n\n\n<p>Termin Oktober 2024<\/p>\n\n\n\n<p><span style=\"color: rgb(5, 5, 5); font-family: &quot;Segoe UI Historic&quot;, &quot;Segoe UI&quot;, Helvetica, Arial, sans-serif; font-size: 15px; font-style: normal; font-variant-ligatures: normal; font-variant-caps: normal; font-weight: 400; letter-spacing: normal; orphans: 2; text-align: start; text-indent: 0px; text-transform: none; widows: 2; word-spacing: 0px; -webkit-text-stroke-width: 0px; white-space: normal; background-color: rgb(255, 255, 255); text-decoration-thickness: initial; text-decoration-style: initial; text-decoration-color: initial; display: inline !important; float: none;\">Am Samstag den 26.10.2024 werden wir eine Instruktionsarbeit durchf\u00fchren.<\/span> Anschlie\u00dfend findet ein G\u00e4steabend statt.  <span style=\"color: rgb(5, 5, 5); font-family: &quot;Segoe UI Historic&quot;, &quot;Segoe UI&quot;, Helvetica, Arial, sans-serif; font-size: 15px; font-style: normal; font-variant-ligatures: normal; font-variant-caps: normal; font-weight: 400; letter-spacing: normal; orphans: 2; text-align: start; text-indent: 0px; text-transform: none; widows: 2; word-spacing: 0px; -webkit-text-stroke-width: 0px; white-space: normal; background-color: rgb(255, 255, 255); text-decoration-thickness: initial; text-decoration-style: initial; text-decoration-color: initial; display: inline !important; float: none;\">Beginn der FM Arbeit ist 15:30 Uhr. Anmeldungen bitte unter Info@loge-minerva-Mainz.de. <\/span>Der G\u00e4steabend beginnt um 18:00Uhr. Bitte um Anmeldung.<\/p>\n\n\n\n<p><\/p>\n\n\n\n<p><\/p>\n\n\n\n<p>Termin Oktober<\/p>\n\n\n\n<p><span style=\"color: rgb(5, 5, 5); font-family: &quot;Segoe UI Historic&quot;, &quot;Segoe UI&quot;, Helvetica, Arial, sans-serif; font-size: 15px; font-style: normal; font-variant-ligatures: normal; font-variant-caps: normal; font-weight: 400; letter-spacing: normal; orphans: 2; text-align: start; text-indent: 0px; text-transform: none; widows: 2; word-spacing: 0px; -webkit-text-stroke-width: 0px; white-space: normal; background-color: rgb(255, 255, 255); text-decoration-thickness: initial; text-decoration-style: initial; text-decoration-color: initial; display: inline !important; float: none;\">Safe the Date.<\/span><\/p>\n\n\n\n<p><span style=\"color: rgb(5, 5, 5); font-family: &quot;Segoe UI Historic&quot;, &quot;Segoe UI&quot;, Helvetica, Arial, sans-serif; font-size: 15px; font-style: normal; font-variant-ligatures: normal; font-variant-caps: normal; font-weight: 400; letter-spacing: normal; orphans: 2; text-align: start; text-indent: 0px; text-transform: none; widows: 2; word-spacing: 0px; -webkit-text-stroke-width: 0px; white-space: normal; background-color: rgb(255, 255, 255); text-decoration-thickness: initial; text-decoration-style: initial; text-decoration-color: initial; display: inline !important; float: none;\">Am Samstag den 28.10.2023 werden wir zwei Bef\u00f6rderungen durchf\u00fchren.Zwei unserer Lehrlinge haben die Reife erreicht um eine weitere Stufe zu erkunden.Beginn der TA wird 15:30 Uhr sein.Anmeldungen bitte unter Info@loge-minerva-Mainz.deEs k\u00f6nnen alle initiierte Freimaurer und Freimaurerinnen teilnehmen.Um Anmeldung wird gebeten.<\/span><\/p>\n\n\n\n<figure class=\"wp-block-gallery has-nested-images columns-default is-cropped wp-block-gallery-1 is-layout-flex wp-block-gallery-is-layout-flex\">\n<figure class=\"wp-block-image size-large\"><img loading=\"lazy\" decoding=\"async\" width=\"1024\" height=\"768\" data-id=\"253\" src=\"https:\/\/loge-minerva-mainz.de\/wp-content\/uploads\/2023\/10\/EinladungTA2-1024x768.jpg\" alt=\"\" class=\"wp-image-253\" srcset=\"https:\/\/loge-minerva-mainz.de\/wp-content\/uploads\/2023\/10\/EinladungTA2-1024x768.jpg 1024w, https:\/\/loge-minerva-mainz.de\/wp-content\/uploads\/2023\/10\/EinladungTA2-300x225.jpg 300w, https:\/\/loge-minerva-mainz.de\/wp-content\/uploads\/2023\/10\/EinladungTA2-768x576.jpg 768w, https:\/\/loge-minerva-mainz.de\/wp-content\/uploads\/2023\/10\/EinladungTA2-1536x1152.jpg 1536w, https:\/\/loge-minerva-mainz.de\/wp-content\/uploads\/2023\/10\/EinladungTA2.jpg 2048w\" sizes=\"auto, (max-width: 706px) 89vw, (max-width: 767px) 82vw, 740px\" \/><\/figure>\n<\/figure>\n\n\n\n<p><\/p>\n\n\n\n<p>Einladung zum G\u00e4steabend.<\/p>\n\n\n\n<p>In unserer Freimaurerloge arbeiten M\u00e4nner und Frauen gleichwertig zusammen.<\/p>\n\n\n\n<p>Der G\u00e4steabend, beginnt um 18:30Uhr mit einer pers\u00f6nlichen Begr\u00fc\u00dfung und der Vorstellung aller Anwesenden. Anschlie\u00dfend gibt es einen kleinen Vortrag:<\/p>\n\n\n\n<p>\u201e <a><\/a>Ist die Freimaurerei noch Zeitgem\u00e4\u00df?\u201c von M.T.<\/p>\n\n\n\n<p>\u201eAusrichtung der gemischten Freimaurerei und unserer Loge\u201c<\/p>\n\n\n\n<p>Danach wird f\u00fcr das leibliche Wohl gesorgt.<\/p>\n\n\n\n<p>Nach einer kleinen Pause k\u00f6nnen in Einzelgespr\u00e4chen dann alle ihre Fragen beantwortet werden.<\/p>\n\n\n\n<p>Der erste Schritt ist ganz einfach: Sie k\u00f6nnen hier eine Anfrage f\u00fcr eine Einladung zum G\u00e4steabend stellen. Sie k\u00f6nnen sicher sein, dass Ihre Angaben vertraulich behandelt werden.<\/p>\n\n\n\n<p>Info@loge-Minerva-Mainz.de<\/p>\n\n\n\n<figure class=\"wp-block-image size-large\"><img loading=\"lazy\" decoding=\"async\" width=\"1024\" height=\"518\" src=\"https:\/\/loge-minerva-mainz.de\/wp-content\/uploads\/2023\/10\/grafik-1024x518.png\" alt=\"\" class=\"wp-image-248\" srcset=\"https:\/\/loge-minerva-mainz.de\/wp-content\/uploads\/2023\/10\/grafik-1024x518.png 1024w, https:\/\/loge-minerva-mainz.de\/wp-content\/uploads\/2023\/10\/grafik-300x152.png 300w, https:\/\/loge-minerva-mainz.de\/wp-content\/uploads\/2023\/10\/grafik-768x389.png 768w, https:\/\/loge-minerva-mainz.de\/wp-content\/uploads\/2023\/10\/grafik.png 1280w\" sizes=\"auto, (max-width: 706px) 89vw, (max-width: 767px) 82vw, 740px\" \/><\/figure>\n\n\n\n<p>G\u00e4steabend in Alzey <\/p>\n\n\n\n<p><\/p>\n\n\n\n<p>Termin August 2023<\/p>\n\n\n\n<p>G\u00e4steabend<\/p>\n\n\n\n<figure class=\"wp-block-image size-large\"><img loading=\"lazy\" decoding=\"async\" width=\"1024\" height=\"518\" src=\"https:\/\/loge-minerva-mainz.de\/wp-content\/uploads\/2023\/08\/grafik-2-1024x518.png\" alt=\"\" class=\"wp-image-243\" srcset=\"https:\/\/loge-minerva-mainz.de\/wp-content\/uploads\/2023\/08\/grafik-2-1024x518.png 1024w, https:\/\/loge-minerva-mainz.de\/wp-content\/uploads\/2023\/08\/grafik-2-300x152.png 300w, https:\/\/loge-minerva-mainz.de\/wp-content\/uploads\/2023\/08\/grafik-2-768x389.png 768w, https:\/\/loge-minerva-mainz.de\/wp-content\/uploads\/2023\/08\/grafik-2-1536x777.png 1536w, https:\/\/loge-minerva-mainz.de\/wp-content\/uploads\/2023\/08\/grafik-2.png 2048w\" sizes=\"auto, (max-width: 706px) 89vw, (max-width: 767px) 82vw, 740px\" \/><\/figure>\n\n\n\n<p><\/p>\n\n\n\n<p>Tempelarbeit Grad I<\/p>\n\n\n\n<figure class=\"wp-block-image size-large\"><img loading=\"lazy\" decoding=\"async\" width=\"800\" height=\"1024\" src=\"https:\/\/loge-minerva-mainz.de\/wp-content\/uploads\/2023\/08\/grafik-800x1024.png\" alt=\"\" class=\"wp-image-240\" srcset=\"https:\/\/loge-minerva-mainz.de\/wp-content\/uploads\/2023\/08\/grafik-800x1024.png 800w, https:\/\/loge-minerva-mainz.de\/wp-content\/uploads\/2023\/08\/grafik-234x300.png 234w, https:\/\/loge-minerva-mainz.de\/wp-content\/uploads\/2023\/08\/grafik-768x983.png 768w, https:\/\/loge-minerva-mainz.de\/wp-content\/uploads\/2023\/08\/grafik-1200x1536.png 1200w, https:\/\/loge-minerva-mainz.de\/wp-content\/uploads\/2023\/08\/grafik.png 1600w\" sizes=\"auto, (max-width: 706px) 89vw, (max-width: 767px) 82vw, 740px\" \/><\/figure>\n\n\n\n<p><strong>Termin  Juni 2023<\/strong><\/p>\n\n\n\n<p>Johannisfest\/ Rosenfest am 25.Juni 2023<\/p>\n\n\n\n<figure class=\"wp-block-image size-full\"><img loading=\"lazy\" decoding=\"async\" width=\"960\" height=\"710\" src=\"https:\/\/loge-minerva-mainz.de\/wp-content\/uploads\/2023\/04\/image0_resized_20230403_010351136.jpg\" alt=\"\" class=\"wp-image-234\" srcset=\"https:\/\/loge-minerva-mainz.de\/wp-content\/uploads\/2023\/04\/image0_resized_20230403_010351136.jpg 960w, https:\/\/loge-minerva-mainz.de\/wp-content\/uploads\/2023\/04\/image0_resized_20230403_010351136-300x222.jpg 300w, https:\/\/loge-minerva-mainz.de\/wp-content\/uploads\/2023\/04\/image0_resized_20230403_010351136-768x568.jpg 768w\" sizes=\"auto, (max-width: 706px) 89vw, (max-width: 767px) 82vw, 740px\" \/><\/figure>\n\n\n\n<p><\/p>\n\n\n\n<p><strong>Termin April 2023<\/strong><\/p>\n\n\n\n<p>G\u00e4steabend: April<\/p>\n\n\n\n<p>Am Samstag den 22.April findet unser n\u00e4chster G\u00e4steabend statt.<\/p>\n\n\n\n<p> <p><strong>Sie m\u00f6chten mehr wissen? Wir laden Sie ein &#8230;<\/strong> unsere Loge veranstaltet den n\u00e4chsten G\u00e4steabend. Wir freuen uns auf Frauen und  M\u00e4nner, die sich zum Thema Freimaurerei informieren m\u00f6chten oder bereits tiefer-\/weitergehende Fragen aus dem Studium allgemein zug\u00e4nglicher Quellen haben. Einfach Anmelden unter info@Loge-Minerva-Mainz.de. Bitte eine kurze Vorstellung ihrer Person und evt. Ihrer Beweggr\u00fcnde.<\/p>   <p>Unsere Freimaurerloge lebt von der Vielf\u00e4ltigkeit und Andersartigkeit unserer Mitglieder. Best\u00e4ndig warten wir auf Menschen, die in ihrem Leben nach etwas suchen, auf Menschen, die Interesse an der Freimaurerei haben. Machen Sie sich also keine Gedanken, ob Sie, lieber Besucher, zu uns passen. Freimaurerei ist keine Gleichmacherei. Niemand schreibt Ihnen vor, was Sie zu denken oder zu sagen haben.Nur eins bitten wir uns aus. Streitigkeiten und \u00fcble Worte haben in einer Freimaurerloge nichts zu suchen und bleiben vor der T\u00fcr. Regelm\u00e4\u00dfig f\u00fchren wir G\u00e4steabende durch, zu denen wir an der Freimaurerei Interessierte, Br\u00fcder und Schwestern Freimaurer gerne einladen.<\/p> <\/p>\n\n\n\n<p><strong>Termin M\u00e4rz  2023<\/strong><\/p>\n\n\n\n<p>TA I am Samstag den 25.M\u00e4rz <\/p>\n\n\n\n<p>Erstellung der Kreidetafel durch einen Bruder Lehrling<\/p>\n\n\n\n<p>G\u00e4steabend ab 19:00Uhr Vortrag durch Bruder M.T.<\/p>\n\n\n\n<p><strong>Termin Februar 2023<\/strong><\/p>\n\n\n\n<p><\/p>\n\n\n\n<p><strong>Termin August 2022 <\/strong>TA I &amp; II<\/p>\n\n\n\n<p>27.08.2022  Beginn Eintreffen der G\u00e4ste 12:30 Uhr <\/p>\n\n\n\n<p>Bef\u00f6rderung von Br\u00fcdern Lehrling &#8211; Gesellen<\/p>\n\n\n\n<p><strong>Termin August<\/strong>: <strong>G\u00e4steabend \/ G\u00e4stegespr\u00e4ch (geplant)<\/strong><\/p>\n\n\n\n<p>26.08.2022 Beginn 19:00Uhr in Alzey<\/p>\n\n\n\n<p><strong>Sie m\u00f6chten mehr wissen? Wir laden Sie ein &#8230;<\/strong> unsere Loge veranstaltet den n\u00e4chsten G\u00e4steabend. Wir freuen uns auf Frauen und  M\u00e4nner, die sich zum Thema Freimaurerei informieren m\u00f6chten oder bereits tiefer-\/weitergehende Fragen aus dem Studium allgemein zug\u00e4nglicher Quellen haben. Einfach Anmelden unter info@Loge-Minerva-Mainz.de. Bitte eine kurze Vorstellung ihrer Person und evt. Ihrer Beweggr\u00fcnde.<\/p>\n\n\n\n<p>Unsere Freimaurerloge lebt von der Vielf\u00e4ltigkeit und Andersartigkeit unserer Mitglieder. Best\u00e4ndig warten wir auf Menschen, die in ihrem Leben nach etwas suchen, auf Menschen, die Interesse an der Freimaurerei haben. Machen Sie sich also keine Gedanken, ob Sie, lieber Besucher, zu uns passen. Freimaurerei ist keine Gleichmacherei. Niemand schreibt Ihnen vor, was Sie zu denken oder zu sagen haben.Nur eins bitten wir uns aus. Streitigkeiten und \u00fcble Worte haben in einer Freimaurerloge nichts zu suchen und bleiben vor der T\u00fcr. Regelm\u00e4\u00dfig f\u00fchren wir G\u00e4steabende durch, zu denen wir an der Freimaurerei Interessierte, Br\u00fcder und Schwestern Freimaurer gerne einladen.<br><\/p>\n\n\n\n<p><\/p>\n\n\n\n<h1 class=\"wp-block-heading\"><\/h1>\n\n\n\n<p><\/p>\n\n\n\n<p><\/p>\n","protected":false},"excerpt":{"rendered":"<p>K\u00fcnftige Veranstaltungen N\u00e4chste Veranstaltungen Termin M\u00e4rz 2026 Am Samstag den 28.03.2026 werden wir eine TA I (Lehrlingsgrad)\u00a0 durchf\u00fchren. Thema: Erstellung der Arbeitstafel Beginn Vorhof 14:00 Uhr Beginn der TA 15:00 Uhr Anmeldungen bitte unter Info@loge-minerva-Mainz.de. Es k\u00f6nnen alle initiierte Freimaurer und Freimaurerinnen teilnehmen. Um Anmeldung wird gebeten Termin Februar 2026 f\u00e4llt aus, wegen Fasnacht und &hellip; <\/p>\n<p class=\"link-more\"><a href=\"https:\/\/loge-minerva-mainz.de\/?page_id=33\" class=\"more-link\"><span class=\"screen-reader-text\">\u201eArbeitskalender\u201c <\/span>weiterlesen<\/a><\/p>\n","protected":false},"author":1,"featured_media":0,"parent":0,"menu_order":0,"comment_status":"closed","ping_status":"closed","template":"","meta":{"footnotes":""},"class_list":["post-33","page","type-page","status-publish","hentry"],"_links":{"self":[{"href":"https:\/\/loge-minerva-mainz.de\/index.php?rest_route=\/wp\/v2\/pages\/33","targetHints":{"allow":["GET"]}}],"collection":[{"href":"https:\/\/loge-minerva-mainz.de\/index.php?rest_route=\/wp\/v2\/pages"}],"about":[{"href":"https:\/\/loge-minerva-mainz.de\/index.php?rest_route=\/wp\/v2\/types\/page"}],"author":[{"embeddable":true,"href":"https:\/\/loge-minerva-mainz.de\/index.php?rest_route=\/wp\/v2\/users\/1"}],"replies":[{"embeddable":true,"href":"https:\/\/loge-minerva-mainz.de\/index.php?rest_route=%2Fwp%2Fv2%2Fcomments&post=33"}],"version-history":[{"count":48,"href":"https:\/\/loge-minerva-mainz.de\/index.php?rest_route=\/wp\/v2\/pages\/33\/revisions"}],"predecessor-version":[{"id":314,"href":"https:\/\/loge-minerva-mainz.de\/index.php?rest_route=\/wp\/v2\/pages\/33\/revisions\/314"}],"wp:attachment":[{"href":"https:\/\/loge-minerva-mainz.de\/index.php?rest_route=%2Fwp%2Fv2%2Fmedia&parent=33"}],"curies":[{"name":"wp","href":"https:\/\/api.w.org\/{rel}","templated":true}]}}